{"id":303,"date":"2020-11-24T20:52:47","date_gmt":"2020-11-24T20:52:47","guid":{"rendered":"https:\/\/dekaz.net\/gpftk\/?page_id=303"},"modified":"2025-08-29T20:27:07","modified_gmt":"2025-08-29T20:27:07","slug":"equipo-creativo","status":"publish","type":"page","link":"https:\/\/greenpleaseforthekids.org\/en\/equipo-creativo\/","title":{"rendered":"Creative Team"},"content":{"rendered":"<p>[et_pb_section fb_built=\u00bb1&#8243; _builder_version=\u00bb4.16&#8243; _module_preset=\u00bbdefault\u00bb background_enable_color=\u00bboff\u00bb custom_padding=\u00bb1px||0px|||\u00bb da_disable_devices=\u00bboff|off|off\u00bb global_colors_info=\u00bb{}\u00bb da_is_popup=\u00bboff\u00bb da_exit_intent=\u00bboff\u00bb da_has_close=\u00bbon\u00bb da_alt_close=\u00bboff\u00bb da_dark_close=\u00bboff\u00bb da_not_modal=\u00bbon\u00bb da_is_singular=\u00bboff\u00bb da_with_loader=\u00bboff\u00bb da_has_shadow=\u00bbon\u00bb][et_pb_row make_equal=\u00bbon\u00bb _builder_version=\u00bb4.16&#8243; _module_preset=\u00bbdefault\u00bb global_colors_info=\u00bb{}\u00bb][et_pb_column type=\u00bb4_4&#8243; _builder_version=\u00bb4.16&#8243; _module_preset=\u00bbdefault\u00bb global_colors_info=\u00bb{}\u00bb][et_pb_post_title meta=\u00bboff\u00bb _builder_version=\u00bb4.16&#8243; _module_preset=\u00bbdefault\u00bb title_font=\u00bb||||||||\u00bb title_text_color=\u00bb#666666&#8243; title_font_size=\u00bb42px\u00bb global_colors_info=\u00bb{}\u00bb][\/et_pb_post_title][\/et_pb_column][\/et_pb_row][\/et_pb_section][et_pb_section fb_built=\u00bb1&#8243; _builder_version=\u00bb4.16&#8243; _module_preset=\u00bbdefault\u00bb background_image=\u00bbhttps:\/\/greenpleaseforthekids.org\/wp-content\/uploads\/2020\/09\/Captura-de-Pantalla-2020-05-18-a-las-19.41.12.png\u00bb background_size=\u00bbinitial\u00bb background_position=\u00bbcenter_left\u00bb custom_padding=\u00bb0px|||||\u00bb da_disable_devices=\u00bboff|off|off\u00bb global_colors_info=\u00bb{}\u00bb da_is_popup=\u00bboff\u00bb da_exit_intent=\u00bboff\u00bb da_has_close=\u00bbon\u00bb da_alt_close=\u00bboff\u00bb da_dark_close=\u00bboff\u00bb da_not_modal=\u00bbon\u00bb da_is_singular=\u00bboff\u00bb da_with_loader=\u00bboff\u00bb da_has_shadow=\u00bbon\u00bb][et_pb_row disabled_on=\u00bboff|off|off\u00bb _builder_version=\u00bb4.16&#8243; _module_preset=\u00bbdefault\u00bb global_colors_info=\u00bb{}\u00bb][et_pb_column type=\u00bb4_4&#8243; _builder_version=\u00bb4.16&#8243; _module_preset=\u00bbdefault\u00bb global_colors_info=\u00bb{}\u00bb][et_pb_text _builder_version=\u00bb4.16&#8243; _module_preset=\u00bbdefault\u00bb header_2_text_color=\u00bb#666666&#8243; global_colors_info=\u00bb{}\u00bb]<\/p>\n<h2 class=\"p1\">Why girls make up the creative team of GREEN PLEASE FOR THE KIDS?<\/h2>\n<p>[\/et_pb_text][et_pb_text _builder_version=\u00bb4.16&#8243; _module_preset=\u00bbdefault\u00bb header_2_font=\u00bb|||on|||||\u00bb header_2_text_align=\u00bbcenter\u00bb header_2_font_size=\u00bb33px\u00bb global_colors_info=\u00bb{}\u00bb]<\/p>\n<p class=\"p1\">We have the conviction that today is critical, perhaps more than ever before, to understand the world and its inhabitants from a perspective more loving, caring and respectful. Listening and deep understanding of the emotions and questions transcendent girls of today, are an exquisite source of ideas atesorables. As is well known, during long periods of history, women have been relegated to secondary roles, and his voice has often been silenced. The same thing has happened with the girls, losing the richness and subtle beauty of his way of understanding life.<\/p>\n<p class=\"p1\"><strong>THE OBJECTIVES OF THE CREATIVE TEAM ARE:<\/strong><\/p>\n<ul>\n<li class=\"p1\">Create a space reflective on matters of contingency global and local, to find solutions or proposals in computer.<\/li>\n<li class=\"p2\">To generate a creative space as a hotbed of ideas about subjective well-being and planetary.<\/li>\n<li class=\"p2\">Offer a space for opinion and co-creation to girls leaders.<\/li>\n<li class=\"p2\">Create proposals of educational activities through their own knowledge to other girls and boys.<\/li>\n<li class=\"p2\">Actively participate as a volunteer in creative activities, education, subjective well-being and the environment.<\/li>\n<\/ul>\n<p>[\/et_pb_text][et_pb_text _builder_version=\u00bb4.16&#8243; _module_preset=\u00bbdefault\u00bb header_3_text_align=\u00bbcenter\u00bb header_3_font_size=\u00bb30px\u00bb global_colors_info=\u00bb{}\u00bb]<\/p>\n<h3 class=\"p1\">Members:<\/h3>\n<p>[\/et_pb_text][\/et_pb_column][\/et_pb_row][et_pb_row column_structure=\u00bb1_3,1_3,1_3&#8243; _builder_version=\u00bb4.16&#8243; _module_preset=\u00bbdefault\u00bb global_colors_info=\u00bb{}\u00bb][et_pb_column type=\u00bb1_3&#8243; _builder_version=\u00bb4.16&#8243; _module_preset=\u00bbdefault\u00bb global_colors_info=\u00bb{}\u00bb][et_pb_team_member name=\u00bbEmilia S\u00e1nchez\u00bb image_url=\u00bbhttps:\/\/greenpleaseforthekids.org\/wp-content\/uploads\/2020\/11\/Emilia-S.png\u00bb _builder_version=\u00bb4.16&#8243; _module_preset=\u00bb79da9c5e-42e3-456c-8811-825e6466cd89&#8243; link_option_url=\u00bb#emilias\u00bb border_width_all_image=\u00bb6px\u00bb border_color_all_image=\u00bb#b4d6ad\u00bb global_colors_info=\u00bb{}\u00bb background__hover_enabled=\u00bbon|hover\u00bb background_color__hover=\u00bb\u00bb background_enable_color__hover=\u00bboff\u00bb][\/et_pb_team_member][\/et_pb_column][et_pb_column type=\u00bb1_3&#8243; _builder_version=\u00bb4.16&#8243; _module_preset=\u00bbdefault\u00bb global_colors_info=\u00bb{}\u00bb][et_pb_team_member name=\u00bbOlivia Izquierdo\u00bb image_url=\u00bbhttps:\/\/greenpleaseforthekids.org\/wp-content\/uploads\/2020\/11\/Olivia.png\u00bb _builder_version=\u00bb4.16&#8243; _module_preset=\u00bb79da9c5e-42e3-456c-8811-825e6466cd89&#8243; link_option_url=\u00bb#olivia\u00bb border_width_all_image=\u00bb6px\u00bb border_color_all_image=\u00bb#b4d6ad\u00bb global_colors_info=\u00bb{}\u00bb background__hover_enabled=\u00bbon|hover\u00bb background_color__hover=\u00bb\u00bb background_enable_color__hover=\u00bboff\u00bb][\/et_pb_team_member][\/et_pb_column][et_pb_column type=\u00bb1_3&#8243; _builder_version=\u00bb4.16&#8243; _module_preset=\u00bbdefault\u00bb global_colors_info=\u00bb{}\u00bb][et_pb_team_member name=\u00bbEmilia Gonz\u00e1lez\u00bb image_url=\u00bbhttps:\/\/greenpleaseforthekids.org\/wp-content\/uploads\/2020\/11\/Emilia-G.png\u00bb _builder_version=\u00bb4.16&#8243; _module_preset=\u00bb79da9c5e-42e3-456c-8811-825e6466cd89&#8243; link_option_url=\u00bb#emiliag\u00bb border_width_all_image=\u00bb6px\u00bb border_color_all_image=\u00bb#b4d6ad\u00bb global_colors_info=\u00bb{}\u00bb background__hover_enabled=\u00bbon|hover\u00bb background_color__hover=\u00bb\u00bb background_enable_color__hover=\u00bboff\u00bb][\/et_pb_team_member][\/et_pb_column][\/et_pb_row][et_pb_row column_structure=\u00bb1_3,1_3,1_3&#8243; _builder_version=\u00bb4.16&#8243; _module_preset=\u00bbdefault\u00bb global_colors_info=\u00bb{}\u00bb][et_pb_column type=\u00bb1_3&#8243; _builder_version=\u00bb4.16&#8243; _module_preset=\u00bbdefault\u00bb global_colors_info=\u00bb{}\u00bb][et_pb_team_member name=\u00bbAm\u00e9rika Mu\u00f1oz\u00bb image_url=\u00bbhttps:\/\/greenpleaseforthekids.org\/wp-content\/uploads\/2020\/11\/Amerika.png\u00bb _builder_version=\u00bb4.16&#8243; _module_preset=\u00bb79da9c5e-42e3-456c-8811-825e6466cd89&#8243; link_option_url=\u00bb#amerika\u00bb border_width_all_image=\u00bb6px\u00bb border_color_all_image=\u00bb#b4d6ad\u00bb global_colors_info=\u00bb{}\u00bb background__hover_enabled=\u00bbon|hover\u00bb background_color__hover=\u00bb\u00bb background_enable_color__hover=\u00bboff\u00bb][\/et_pb_team_member][\/et_pb_column][et_pb_column type=\u00bb1_3&#8243; _builder_version=\u00bb4.16&#8243; _module_preset=\u00bbdefault\u00bb global_colors_info=\u00bb{}\u00bb][et_pb_team_member name=\u00bbJacinta Segovia\u00bb image_url=\u00bbhttps:\/\/greenpleaseforthekids.org\/wp-content\/uploads\/2020\/11\/Jacinta.png\u00bb _builder_version=\u00bb4.16&#8243; _module_preset=\u00bb79da9c5e-42e3-456c-8811-825e6466cd89&#8243; link_option_url=\u00bb#jacinta\u00bb border_width_all_image=\u00bb6px\u00bb border_color_all_image=\u00bb#b4d6ad\u00bb global_colors_info=\u00bb{}\u00bb background__hover_enabled=\u00bbon|hover\u00bb background_color__hover=\u00bb\u00bb background_enable_color__hover=\u00bboff\u00bb][\/et_pb_team_member][\/et_pb_column][et_pb_column type=\u00bb1_3&#8243; _builder_version=\u00bb4.16&#8243; _module_preset=\u00bbdefault\u00bb global_colors_info=\u00bb{}\u00bb][et_pb_team_member name=\u00bbAida Alca\u00edno\u00bb image_url=\u00bbhttps:\/\/greenpleaseforthekids.org\/wp-content\/uploads\/2020\/11\/Aida.png\u00bb _builder_version=\u00bb4.16&#8243; _module_preset=\u00bb79da9c5e-42e3-456c-8811-825e6466cd89&#8243; link_option_url=\u00bb#aida\u00bb hover_enabled=\u00bb0&#8243; border_width_all_image=\u00bb6px\u00bb border_color_all_image=\u00bb#b4d6ad\u00bb global_colors_info=\u00bb{}\u00bb background__hover_enabled=\u00bbon|hover\u00bb background_color__hover=\u00bb\u00bb background_enable_color__hover=\u00bboff\u00bb sticky_enabled=\u00bb0&#8243;][\/et_pb_team_member][\/et_pb_column][\/et_pb_row][et_pb_row column_structure=\u00bb1_3,1_3,1_3&#8243; _builder_version=\u00bb4.16&#8243; _module_preset=\u00bbdefault\u00bb global_colors_info=\u00bb{}\u00bb][et_pb_column type=\u00bb1_3&#8243; _builder_version=\u00bb4.16&#8243; _module_preset=\u00bbdefault\u00bb global_colors_info=\u00bb{}\u00bb][et_pb_team_member name=\u00bbAmelia Villarroel\u00bb image_url=\u00bbhttps:\/\/greenpleaseforthekids.org\/wp-content\/uploads\/2023\/07\/Screenshot-2023-07-27-at-16.36.27.png\u00bb _builder_version=\u00bb4.17.1&#8243; _module_preset=\u00bb79da9c5e-42e3-456c-8811-825e6466cd89&#8243; link_option_url=\u00bb#Amelia-Villarroel\u00bb border_width_all_image=\u00bb6px\u00bb border_color_all_image=\u00bb#b4d6ad\u00bb global_colors_info=\u00bb{}\u00bb background__hover_enabled=\u00bbon|hover\u00bb background_color__hover=\u00bb\u00bb background_enable_color__hover=\u00bboff\u00bb][\/et_pb_team_member][\/et_pb_column][et_pb_column type=\u00bb1_3&#8243; _builder_version=\u00bb4.16&#8243; _module_preset=\u00bbdefault\u00bb global_colors_info=\u00bb{}\u00bb][\/et_pb_column][et_pb_column type=\u00bb1_3&#8243; _builder_version=\u00bb4.16&#8243; _module_preset=\u00bbdefault\u00bb global_colors_info=\u00bb{}\u00bb][\/et_pb_column][\/et_pb_row][et_pb_row _builder_version=\u00bb4.17.1&#8243; _module_preset=\u00bbdefault\u00bb global_colors_info=\u00bb{}\u00bb][et_pb_column type=\u00bb4_4&#8243; _builder_version=\u00bb4.17.1&#8243; _module_preset=\u00bbdefault\u00bb global_colors_info=\u00bb{}\u00bb][\/et_pb_column][\/et_pb_row][\/et_pb_section][et_pb_section fb_built=\u00bb1&#8243; admin_label=\u00bbPopup &#8211; #emilias\u00bb module_id=\u00bbemilias\u00bb module_class=\u00bbpopup\u00bb _builder_version=\u00bb4.16&#8243; _module_preset=\u00bbdefault\u00bb da_is_popup=\u00bbon\u00bb da_popup_slug=\u00bbemilias\u00bb da_disable_devices=\u00bboff|off|off\u00bb global_colors_info=\u00bb{}\u00bb da_exit_intent=\u00bboff\u00bb da_has_close=\u00bbon\u00bb da_alt_close=\u00bboff\u00bb da_dark_close=\u00bboff\u00bb da_not_modal=\u00bbon\u00bb da_is_singular=\u00bboff\u00bb da_with_loader=\u00bboff\u00bb da_has_shadow=\u00bbon\u00bb][et_pb_row column_structure=\u00bb2_5,3_5&#8243; _builder_version=\u00bb4.16&#8243; _module_preset=\u00bbdefault\u00bb global_colors_info=\u00bb{}\u00bb][et_pb_column type=\u00bb2_5&#8243; _builder_version=\u00bb4.16&#8243; _module_preset=\u00bbdefault\u00bb global_colors_info=\u00bb{}\u00bb][et_pb_image src=\u00bbhttps:\/\/greenpleaseforthekids.org\/wp-content\/uploads\/2020\/11\/emilia-sa\u0301nchez-scaled.jpg\u00bb title_text=\u00bbemilia sa\u0301nchez\u00bb _builder_version=\u00bb4.16&#8243; _module_preset=\u00bbdefault\u00bb global_colors_info=\u00bb{}\u00bb][\/et_pb_image][\/et_pb_column][et_pb_column type=\u00bb3_5&#8243; _builder_version=\u00bb4.16&#8243; _module_preset=\u00bbdefault\u00bb global_colors_info=\u00bb{}\u00bb][et_pb_text _builder_version=\u00bb4.16&#8243; _module_preset=\u00bbdefault\u00bb global_colors_info=\u00bb{}\u00bb]<\/p>\n<h2 class=\"p1\">Emilia Paz S<span class=\"s1\">\u00e1<\/span>nchez Lozano<\/h2>\n<p class=\"p1\"><strong>Equipo Creativo Green Please for the kids.<\/strong><br \/><strong>Ex educanda del Centro Cultural El Triciclo<\/strong><\/p>\n<p class=\"p1\">\u00a1Hola!, soy Emi, me encuentro muy bonita y no me importa lo que piensen de m\u00ed porque yo soy quien soy, tengo el pelo casta<span class=\"s1\">\u00f1<\/span>o y la piel color canela, mido un metro 43 m\u00e1s o menos, mis ojos son color miel y tengo diez a<span class=\"s1\">\u00f1<\/span>os&#8230; casi once.<\/p>\n<p class=\"p2\">\n<p class=\"p1\">Cuando grande quiero ser presidenta de Chile para cambiar el mundo y ayudarlo poniendo mi granito de arena. Por eso yo me encuentro una mini activista que quiere hacer cambios, con eso yo me siento muy feliz. Adoro hablar y probablemente cuando grande sea escritora porque amo escribir, es mi pasi<span class=\"s1\">\u00f3<\/span>n. De hecho ya estoy escribiendo un libro.<\/p>\n<p class=\"p2\">\n<p class=\"p1\">Una cosa que yo quiero para el mundo que probablemente sea imposible, es que la humanidad avance retrocediendo <span class=\"s1\">\u00f3<\/span>sea, que no contaminen, no creen mas pl<span class=\"s1\">\u00e1<\/span>stico, as<span class=\"s1\">\u00ed<\/span> como lo hac<span class=\"s1\">\u00ed<\/span>an antes.<\/p>\n<p class=\"p1\">Me gusta ser parte del Equipo Creativo de Green Please for the kids porque era lo que me faltaba para poner mi granito de arena y ayudar a salvar el mundo y crear conciencia en las personas.<\/p>\n<p>[\/et_pb_text][\/et_pb_column][\/et_pb_row][\/et_pb_section][et_pb_section fb_built=\u00bb1&#8243; admin_label=\u00bbPopup &#8211; #olivia\u00bb module_id=\u00bbolivia\u00bb module_class=\u00bbpopup\u00bb _builder_version=\u00bb4.16&#8243; _module_preset=\u00bbdefault\u00bb da_is_popup=\u00bbon\u00bb da_popup_slug=\u00bbolivia\u00bb da_disable_devices=\u00bboff|off|off\u00bb global_colors_info=\u00bb{}\u00bb da_exit_intent=\u00bboff\u00bb da_has_close=\u00bbon\u00bb da_alt_close=\u00bboff\u00bb da_dark_close=\u00bboff\u00bb da_not_modal=\u00bbon\u00bb da_is_singular=\u00bboff\u00bb da_with_loader=\u00bboff\u00bb da_has_shadow=\u00bbon\u00bb][et_pb_row column_structure=\u00bb2_5,3_5&#8243; _builder_version=\u00bb4.16&#8243; _module_preset=\u00bbdefault\u00bb global_colors_info=\u00bb{}\u00bb][et_pb_column type=\u00bb2_5&#8243; _builder_version=\u00bb4.16&#8243; _module_preset=\u00bbdefault\u00bb global_colors_info=\u00bb{}\u00bb][et_pb_image src=\u00bbhttps:\/\/greenpleaseforthekids.org\/wp-content\/uploads\/2021\/08\/Olivia-izquierdo.jpg\u00bb title_text=\u00bbOlivia izquierdo\u00bb _builder_version=\u00bb4.16&#8243; _module_preset=\u00bbdefault\u00bb global_colors_info=\u00bb{}\u00bb][\/et_pb_image][\/et_pb_column][et_pb_column type=\u00bb3_5&#8243; _builder_version=\u00bb4.16&#8243; _module_preset=\u00bbdefault\u00bb global_colors_info=\u00bb{}\u00bb][et_pb_text _builder_version=\u00bb4.16&#8243; _module_preset=\u00bbdefault\u00bb global_colors_info=\u00bb{}\u00bb]<\/p>\n<h2 class=\"p1\">Olivia Izquierdo Vald\u00e9s<\/h2>\n<p class=\"p1\"><strong>Equipo Creativo Green Please for the kids.<\/strong><br \/> <strong>Ex educanda del Centro Cultural El Triciclo<\/strong><\/p>\n<p class=\"p1\">\u00a1Hola! Me llamo Olivia, soy una ni\u00f1a que le encanta bailar, cantar y pintar, nac\u00ed el 3 de julio del a\u00f1o 2009 en un hospital en Pe\u00f1alol\u00e9n, mi mam\u00e1 es Vald\u00e9s y mi pap\u00e1 es Izquierdo.<\/p>\n<p class=\"p2\">\n<p class=\"p1\">Vivo en \u00d1u\u00f1oa con mi mam\u00e1, mi hermano, mi abuelo, mi abuela y mi perro. Cuando yo era peque\u00f1a era diferente porque tambi\u00e9n viv\u00eda con mis amigos imaginarios que se llamaban Mila y Lucas, con ellos viv\u00ed una hermosa infancia.<\/p>\n<p class=\"p2\">\n<p class=\"p1\">Me encantan los animales y mi favorito es el perro. Me encanta el color verde, y me encantan los creeps y las pastas.<\/p>\n<p class=\"p1\">Cuando estoy aburrida improviso y me encanta rapear r\u00e1pido. Mis pasatiempos favoritos son incontables, soy fan del anim\u00e9 y amo las pelis de terror, una de mis favoritas son \u201cIT\u201d y la serie \u201cStranger things\u201d. Mis actores favoritos son Finn Wolfhard, Jaeden Martell, Jack Dylan, Millie Bobby y Sophia Lillis.<\/p>\n<p class=\"p2\">\n<p class=\"p1\">Me gusta ser parte de Green Please for the kids porque puedo opinar de lo que me gusta, aprendo a cuidar el medio ambiente y me reencuentro con amigas de la infancia. Yo Incentivo a las personas a que de cada d\u00eda sean mejor, porque cada d\u00eda intento ser mejor, y as\u00ed aprender nuevas cosas y vivirlas.<\/p>\n<p>[\/et_pb_text][\/et_pb_column][\/et_pb_row][\/et_pb_section][et_pb_section fb_built=\u00bb1&#8243; admin_label=\u00bbPopup &#8211; #Amelia-Villarroel\u00bb module_id=\u00bbAmelia-Villarroel\u00bb module_class=\u00bbpopup\u00bb _builder_version=\u00bb4.17.1&#8243; _module_preset=\u00bbdefault\u00bb da_is_popup=\u00bbon\u00bb da_popup_slug=\u00bbAmelia-Villarroel\u00bb da_disable_devices=\u00bboff|off|off\u00bb global_colors_info=\u00bb{}\u00bb da_exit_intent=\u00bboff\u00bb da_has_close=\u00bbon\u00bb da_alt_close=\u00bboff\u00bb da_dark_close=\u00bboff\u00bb da_not_modal=\u00bbon\u00bb da_is_singular=\u00bboff\u00bb da_with_loader=\u00bboff\u00bb da_has_shadow=\u00bbon\u00bb][et_pb_row column_structure=\u00bb2_5,3_5&#8243; _builder_version=\u00bb4.16&#8243; _module_preset=\u00bbdefault\u00bb global_colors_info=\u00bb{}\u00bb][et_pb_column type=\u00bb2_5&#8243; _builder_version=\u00bb4.16&#8243; _module_preset=\u00bbdefault\u00bb global_colors_info=\u00bb{}\u00bb][et_pb_image src=\u00bbhttps:\/\/greenpleaseforthekids.org\/wp-content\/uploads\/2023\/07\/Screenshot-2023-07-27-at-16.36.27.png\u00bb title_text=\u00bbScreenshot 2023-07-27 at 16.36.27&#8243; _builder_version=\u00bb4.17.1&#8243; _module_preset=\u00bbdefault\u00bb global_colors_info=\u00bb{}\u00bb][\/et_pb_image][\/et_pb_column][et_pb_column type=\u00bb3_5&#8243; _builder_version=\u00bb4.16&#8243; _module_preset=\u00bbdefault\u00bb global_colors_info=\u00bb{}\u00bb][et_pb_text _builder_version=\u00bb4.16&#8243; _module_preset=\u00bbdefault\u00bb global_colors_info=\u00bb{}\u00bb]<\/p>\n<h2 class=\"p1\">Amelia Ines Villarroel Mendoza<\/h2>\n<p class=\"p1\"><strong>Equipo Creativo Green Please for the kids.<\/strong><\/p>\n<p class=\"p1\">\n<p class=\"p1\">\u00a1Hola! me llamo Amelia, tengo 10 a\u00f1os y en enero es mi cumple.<\/p>\n<p class=\"p1\">Me gusta leer , tocar viol\u00edn y jugar juegos de mesa.<\/p>\n<p class=\"p1\">Quiero ser pol\u00edtica o doctora cuando crezca para ayudar a otras personas.<\/p>\n<p class=\"p1\">Yo quiero que todos tengamos los mismos derechos, podamos acceder a agua potable y comida y podamos ir al colegio.<\/p>\n<p class=\"p1\">\n<p class=\"p1\">Ser parte de Green Please for the kids me gusta porque mentalizamos a las personas y aportamos a un mundo mejor.<\/p>\n<p class=\"p2\">\n<p class=\"p1\">\n<p>[\/et_pb_text][\/et_pb_column][\/et_pb_row][\/et_pb_section][et_pb_section fb_built=\u00bb1&#8243; admin_label=\u00bbPopup &#8211; #amerika\u00bb module_id=\u00bbamerika\u00bb module_class=\u00bbpopup\u00bb _builder_version=\u00bb4.16&#8243; _module_preset=\u00bbdefault\u00bb da_is_popup=\u00bbon\u00bb da_popup_slug=\u00bbamerika\u00bb da_disable_devices=\u00bboff|off|off\u00bb global_colors_info=\u00bb{}\u00bb da_exit_intent=\u00bboff\u00bb da_has_close=\u00bbon\u00bb da_alt_close=\u00bboff\u00bb da_dark_close=\u00bboff\u00bb da_not_modal=\u00bbon\u00bb da_is_singular=\u00bboff\u00bb da_with_loader=\u00bboff\u00bb da_has_shadow=\u00bbon\u00bb][et_pb_row column_structure=\u00bb2_5,3_5&#8243; _builder_version=\u00bb4.16&#8243; _module_preset=\u00bbdefault\u00bb global_colors_info=\u00bb{}\u00bb][et_pb_column type=\u00bb2_5&#8243; _builder_version=\u00bb4.16&#8243; _module_preset=\u00bbdefault\u00bb global_colors_info=\u00bb{}\u00bb][et_pb_image src=\u00bbhttps:\/\/greenpleaseforthekids.org\/wp-content\/uploads\/2020\/11\/Ame\u0301rika-Mun\u0303o\u0301z.jpg\u00bb title_text=\u00bbAme\u0301rika Mun\u0303o\u0301z\u00bb _builder_version=\u00bb4.16&#8243; _module_preset=\u00bbdefault\u00bb global_colors_info=\u00bb{}\u00bb][\/et_pb_image][\/et_pb_column][et_pb_column type=\u00bb3_5&#8243; _builder_version=\u00bb4.16&#8243; _module_preset=\u00bbdefault\u00bb global_colors_info=\u00bb{}\u00bb][et_pb_text _builder_version=\u00bb4.16&#8243; _module_preset=\u00bbdefault\u00bb global_colors_info=\u00bb{}\u00bb]<\/p>\n<h2 class=\"p1\">Am\u00e9rika Maw\u00fcida Mu\u00f1oz Romero<\/h2>\n<p class=\"p1\"><strong>Equipo Creativo Green Please for the kids.<\/strong><br \/> <strong>Ex educanda del Centro Cultural El Triciclo<\/strong><\/p>\n<p class=\"p1\">\u00a1Hola!, soy Am\u00e9rika Maw\u00fcida Mu\u00f1oz Romero, tengo 11 a\u00f1os.\u00a0Cuando ten\u00eda 5 a\u00f1os me regalaron mis primeros patines, desde ah\u00ed me enamor\u00e9 de ese hermoso deporte por lo que antes de la cuarentena me dedicaba a eso de forma profesional, participando en campeonatos y entrenando.<\/p>\n<p class=\"p1\">Por ahora paso los d\u00edas dibujando, jugando en el compu mi juego favorito y a veces cocinando.<\/p>\n<p class=\"p2\">\n<p class=\"p1\">Sue\u00f1o con ser la campeona de patinaje nacional, y adem\u00e1s sue\u00f1o con que ya no haya m\u00e1s gente viviendo en la calle y que el ser humano deje de contaminar.<\/p>\n<p class=\"p2\">\n<p class=\"p1\">Me gusta ser parte del Equipo Creativo de Green Please for the Kids porque quiero ayudar al mundo y que en la Tierra podamos vivir muchos m\u00e1s a\u00f1os.<\/p>\n<p>[\/et_pb_text][\/et_pb_column][\/et_pb_row][\/et_pb_section][et_pb_section fb_built=\u00bb1&#8243; admin_label=\u00bbPopup &#8211; #jacinta\u00bb module_id=\u00bbjacinta\u00bb module_class=\u00bbpopup\u00bb _builder_version=\u00bb4.16&#8243; _module_preset=\u00bbdefault\u00bb da_is_popup=\u00bbon\u00bb da_popup_slug=\u00bbjacinta\u00bb da_disable_devices=\u00bboff|off|off\u00bb global_colors_info=\u00bb{}\u00bb da_exit_intent=\u00bboff\u00bb da_has_close=\u00bbon\u00bb da_alt_close=\u00bboff\u00bb da_dark_close=\u00bboff\u00bb da_not_modal=\u00bbon\u00bb da_is_singular=\u00bboff\u00bb da_with_loader=\u00bboff\u00bb da_has_shadow=\u00bbon\u00bb][et_pb_row column_structure=\u00bb2_5,3_5&#8243; _builder_version=\u00bb4.16&#8243; _module_preset=\u00bbdefault\u00bb global_colors_info=\u00bb{}\u00bb][et_pb_column type=\u00bb2_5&#8243; _builder_version=\u00bb4.16&#8243; _module_preset=\u00bbdefault\u00bb global_colors_info=\u00bb{}\u00bb][et_pb_image src=\u00bbhttps:\/\/greenpleaseforthekids.org\/wp-content\/uploads\/2021\/08\/Jacinta-segovia.jpg\u00bb title_text=\u00bbJacinta segovia\u00bb _builder_version=\u00bb4.16&#8243; _module_preset=\u00bbdefault\u00bb global_colors_info=\u00bb{}\u00bb][\/et_pb_image][\/et_pb_column][et_pb_column type=\u00bb3_5&#8243; _builder_version=\u00bb4.16&#8243; _module_preset=\u00bbdefault\u00bb global_colors_info=\u00bb{}\u00bb][et_pb_text _builder_version=\u00bb4.16&#8243; _module_preset=\u00bbdefault\u00bb global_colors_info=\u00bb{}\u00bb]<\/p>\n<h2 class=\"p1\">Jacinta Segovia Donoso<\/h2>\n<p class=\"p1\"><strong>Equipo Creativo Green Please for the kids.<\/strong><br \/> <strong>Ex educanda del Centro Cultural El Triciclo<\/strong><\/p>\n<p class=\"p1\">\u00a1Hola! Me llamo Jacinta, nac<span class=\"s1\">\u00ed<\/span> el 24 de julio de 2009. Mi mam\u00e1 me dijo que no quer<span class=\"s1\">\u00ed<\/span>a nacer y por eso mismo nac<span class=\"s1\">\u00ed<\/span> por ces\u00e1rea, cuando llegu<span class=\"s1\">\u00e9<\/span> mi pap\u00e1 me tomo en sus brazos y me mostr<span class=\"s1\">\u00f3<\/span> a mi familia, esa noche <span class=\"s1\">\u00e9<\/span>l llor<span class=\"s1\">\u00f3<\/span> a lagrima viva.<\/p>\n<p class=\"p2\">\n<p class=\"p1\">Cuando ten<span class=\"s1\">\u00ed<\/span>a 1 o 2 a<span class=\"s1\">\u00f1<\/span>os mis pap<span class=\"s1\">\u00e1<\/span>s se separaron y desde ese entonces tengo: 2 cumplea<span class=\"s1\">\u00f1<\/span>os, 2 navidades \u00a0y es genial. Tambi<span class=\"s1\">\u00e9<\/span>n \u00a0en los <span class=\"s1\">\u00fa<\/span>ltimos 10 a<span class=\"s1\">\u00f1<\/span>os \u00a0han nacido mis 3 hermanos menores \u00a1es genial! Ahora mi vida es muy bakan y entrete, tambi<span class=\"s1\">\u00e9<\/span>n con sus puntos bajos y por eso he ido a la psic<span class=\"s1\">\u00f3<\/span>loga hartas veces, pero me encanta la vida que tengo con toda mi familia que es muy cari<span class=\"s1\">\u00f1<\/span>osa.<\/p>\n<p class=\"p1\">Y esta soy yo, Jacinta Segovia, con un gran sue<span class=\"s1\">\u00f1<\/span>o: que no haya m<span class=\"s1\">\u00e1<\/span>s racismo y homofobia, esos son mis grandes sue<span class=\"s1\">\u00f1<\/span>os.<\/p>\n<p class=\"p2\">\n<p class=\"p1\">Me gusta ser parte de Green Please for the kids porque me gusta mucho que hayan personas que si tengan conciencia de lo que est<span class=\"s1\">\u00e1<\/span> pasando en el planeta y que cada uno aporte su granito de arena.<\/p>\n<p>[\/et_pb_text][\/et_pb_column][\/et_pb_row][\/et_pb_section][et_pb_section fb_built=\u00bb1&#8243; admin_label=\u00bbPopup &#8211; #aida\u00bb module_id=\u00bbaida\u00bb module_class=\u00bbpopup\u00bb _builder_version=\u00bb4.16&#8243; _module_preset=\u00bbdefault\u00bb da_is_popup=\u00bbon\u00bb da_popup_slug=\u00bbaida\u00bb da_disable_devices=\u00bboff|off|off\u00bb global_colors_info=\u00bb{}\u00bb da_exit_intent=\u00bboff\u00bb da_has_close=\u00bbon\u00bb da_alt_close=\u00bboff\u00bb da_dark_close=\u00bboff\u00bb da_not_modal=\u00bbon\u00bb da_is_singular=\u00bboff\u00bb da_with_loader=\u00bboff\u00bb da_has_shadow=\u00bbon\u00bb][et_pb_row column_structure=\u00bb2_5,3_5&#8243; _builder_version=\u00bb4.16&#8243; _module_preset=\u00bbdefault\u00bb global_colors_info=\u00bb{}\u00bb][et_pb_column type=\u00bb2_5&#8243; _builder_version=\u00bb4.16&#8243; _module_preset=\u00bbdefault\u00bb global_colors_info=\u00bb{}\u00bb][et_pb_image src=\u00bbhttps:\/\/greenpleaseforthekids.org\/wp-content\/uploads\/2021\/08\/Ai\u0301da-Aguilar.jpg\u00bb title_text=\u00bbAi\u0301da Aguilar\u00bb _builder_version=\u00bb4.16&#8243; _module_preset=\u00bbdefault\u00bb global_colors_info=\u00bb{}\u00bb][\/et_pb_image][\/et_pb_column][et_pb_column type=\u00bb3_5&#8243; _builder_version=\u00bb4.16&#8243; _module_preset=\u00bbdefault\u00bb global_colors_info=\u00bb{}\u00bb][et_pb_text _builder_version=\u00bb4.16&#8243; _module_preset=\u00bbdefault\u00bb global_colors_info=\u00bb{}\u00bb admin_label=\u00bbTexto\u00bb]<\/p>\n<h2 class=\"p1\">Aida Antonia Alca\u00edno S\u00e1ez\u00a0<\/h2>\n<p class=\"p1\"><strong>Equipo Creativo Green Please for the kids.<\/strong><br \/><strong>Ex educanda del Centro Cultural El Triciclo<\/strong><\/p>\n<p class=\"p1\">\u00a1Hola!, soy Aida Antonia Alca\u00edno S<span class=\"s1\">\u00e1<\/span>ez, nac<span class=\"s1\">\u00ed<\/span> un 11 del 11 del 2006 . \u00a0 \u00a0 \u00a0 \u00a0 \u00a0 \u00a0 \u00a0 \u00a0 \u00a0 \u00a0 \u00a0 \u00a0 \u00a0<\/p>\n<p class=\"p1\">Mis ojos son color caf<span class=\"s1\">\u00e9<\/span>, mi rostro es redondo, mi cabello es caf<span class=\"s1\">\u00e9<\/span> claro, mis labios son un poco gruesos, mis dientes son \u00a8bonitos\u00a8 supongo porque son rectos. Soy bastante clara de piel y tengo manos grandes.<\/p>\n<p class=\"p1\">Cuando era peque<span class=\"s1\">\u00f1<\/span>a viv<span class=\"s1\">\u00ed<\/span>a sola con mi mam<span class=\"s1\">\u00e1<\/span> pero ahora tengo pap<span class=\"s1\">\u00e1<\/span> y una hermanita y vivimos todos en un departamento muy bonito y acogedor, tiene tres habitaciones.<\/p>\n<p class=\"p2\">\n<p class=\"p1\">Mi mam<span class=\"s1\">\u00e1<\/span> se llama Carolina Ximena S<span class=\"s1\">\u00e1<\/span>ez Bravo, mi pap<span class=\"s1\">\u00e1<\/span> Alfonso Manuel Alca\u00edno Abenda\u00f1o, mi hermana Isidora Gabriela Alca\u00edno S<span class=\"s1\">\u00e1<\/span>ez.<\/p>\n<p class=\"p2\">\n<p class=\"p1\">De ni<span class=\"s1\">\u00f1<\/span>a quer<span class=\"s1\">\u00ed<\/span>a ser astr<span class=\"s1\">\u00f3<\/span>noma pero ahora me gustar<span class=\"s1\">\u00ed<\/span>a ser abogada porque siempre e sido buena para dar argumentos convincentes.<\/p>\n<p class=\"p2\">\n<p class=\"p1\">Una de las cosas que me ense<span class=\"s1\">\u00f1<\/span>aron y m<span class=\"s1\">\u00e1<\/span>s me han marcado es que me tengo que esforzar y hacerme respetar. \u00a0<\/p>\n<p class=\"p1\">\n<p class=\"p1\">Me gusta ser parte de Green Please for the kids porque es un gran proyecto porque siento que va a ayudar, ense<span class=\"s1\">\u00f1<\/span>ar y a divertir a todos los ni<span class=\"s1\">\u00f1<\/span>os y las ni<span class=\"s1\">\u00f1<\/span>as que se sumen.<\/p>\n<p>[\/et_pb_text][\/et_pb_column][\/et_pb_row][\/et_pb_section][et_pb_section fb_built=\u00bb1&#8243; admin_label=\u00bbPopup &#8211; #emiliag\u00bb module_id=\u00bbemiliag\u00bb module_class=\u00bbpopup\u00bb _builder_version=\u00bb4.16&#8243; _module_preset=\u00bbdefault\u00bb da_is_popup=\u00bbon\u00bb da_popup_slug=\u00bbemiliag\u00bb da_disable_devices=\u00bboff|off|off\u00bb global_colors_info=\u00bb{}\u00bb da_exit_intent=\u00bboff\u00bb da_has_close=\u00bbon\u00bb da_alt_close=\u00bboff\u00bb da_dark_close=\u00bboff\u00bb da_not_modal=\u00bbon\u00bb da_is_singular=\u00bboff\u00bb da_with_loader=\u00bboff\u00bb da_has_shadow=\u00bbon\u00bb][et_pb_row column_structure=\u00bb2_5,3_5&#8243; _builder_version=\u00bb4.16&#8243; _module_preset=\u00bbdefault\u00bb global_colors_info=\u00bb{}\u00bb][et_pb_column type=\u00bb2_5&#8243; _builder_version=\u00bb4.16&#8243; _module_preset=\u00bbdefault\u00bb global_colors_info=\u00bb{}\u00bb][et_pb_image src=\u00bbhttps:\/\/greenpleaseforthekids.org\/wp-content\/uploads\/2021\/08\/Emilia-Gonza\u0301lez.jpg\u00bb title_text=\u00bbEmilia Gonza\u0301lez\u00bb _builder_version=\u00bb4.16&#8243; _module_preset=\u00bbdefault\u00bb global_colors_info=\u00bb{}\u00bb][\/et_pb_image][\/et_pb_column][et_pb_column type=\u00bb3_5&#8243; _builder_version=\u00bb4.16&#8243; _module_preset=\u00bbdefault\u00bb global_colors_info=\u00bb{}\u00bb][et_pb_text _builder_version=\u00bb4.16&#8243; _module_preset=\u00bbdefault\u00bb global_colors_info=\u00bb{}\u00bb]<\/p>\n<h2 class=\"p1\">Emilia Carolina Gonz\u00e1lez Espinosa<\/h2>\n<p class=\"p1\"><strong>Equipo Creativo Green Please for the kids.<\/strong><br \/> <strong>Ex educanda del Centro Cultural El Triciclo<\/strong><\/p>\n<p class=\"p1\">\u00a1Hola! yo Llegu\u00e9 al mundo en la ciudad de Coquimbo el 30 de enero de 2008 siendo la primera hija y nieta.Me gusta cantar, juntarme con amigos, soy bastante extrovertida y me gusta conocer gente nueva. Mi cabello es caf\u00e9 oscuro igual que mis ojos, tengo 12 a\u00f1os y mido 1.68<\/p>\n<p class=\"p1\">\u00a0<\/p>\n<p class=\"p1\">De m\u00ed me gustar\u00eda mejorar mi paciencia.<\/p>\n<p class=\"p1\">\n<p class=\"p1\">Lo que me gustar\u00eda mejorar del mundo ser\u00eda el racismo, la homofobia, el machismo, el da\u00f1o al medio ambiente, etc. Mi sue\u00f1o es que alg\u00fan d\u00eda de mi vida tenga la posibilidad de viajar por el mundo conociendo lugares nuevos todo el tiempo. Ser\u00eda muy bonito poder conocer lugares y culturas diferentes.<\/p>\n<p class=\"p2\">\n<p class=\"p1\">\u00a0Me gusta ser parte de Green Please for the kids ya que es una proyecto muy lindo y especial. El amor por la naturaleza y ense\u00f1arle a los dem\u00e1s a trav\u00e9s de \u00e9ste hermoso grupo que cuidar nuestro \u00fanico hogar es una tarea de todos.<\/p>\n<p>[\/et_pb_text][\/et_pb_column][\/et_pb_row][\/et_pb_section]<\/p>","protected":false},"excerpt":{"rendered":"<p>\u00bfPor qu\u00e9 ni\u00f1as conforman el equipo creativo de GREEN PLEASE FOR THE KIDS?Tenemos la convicci\u00f3n de que hoy es fundamental, quiz\u00e1s m\u00e1s que nunca, comprender al mundo y a sus habitantes desde una perspectiva m\u00e1s amorosa, cuidadosa y respetuosa. La escucha y la comprensi\u00f3n profunda de la emocionalidad y los cuestionamientos trascendentes de las ni\u00f1as [&hellip;]<\/p>","protected":false},"author":1,"featured_media":0,"parent":0,"menu_order":0,"comment_status":"closed","ping_status":"closed","template":"","meta":{"_et_pb_use_builder":"on","_et_pb_old_content":"","_et_gb_content_width":"","inline_featured_image":false,"footnotes":""},"class_list":["post-303","page","type-page","status-publish","hentry"],"_links":{"self":[{"href":"https:\/\/greenpleaseforthekids.org\/en\/wp-json\/wp\/v2\/pages\/303"}],"collection":[{"href":"https:\/\/greenpleaseforthekids.org\/en\/wp-json\/wp\/v2\/pages"}],"about":[{"href":"https:\/\/greenpleaseforthekids.org\/en\/wp-json\/wp\/v2\/types\/page"}],"author":[{"embeddable":true,"href":"https:\/\/greenpleaseforthekids.org\/en\/wp-json\/wp\/v2\/users\/1"}],"replies":[{"embeddable":true,"href":"https:\/\/greenpleaseforthekids.org\/en\/wp-json\/wp\/v2\/comments?post=303"}],"version-history":[{"count":0,"href":"https:\/\/greenpleaseforthekids.org\/en\/wp-json\/wp\/v2\/pages\/303\/revisions"}],"wp:attachment":[{"href":"https:\/\/greenpleaseforthekids.org\/en\/wp-json\/wp\/v2\/media?parent=303"}],"curies":[{"name":"wp","href":"https:\/\/api.w.org\/{rel}","templated":true}]}}